{"id":1680,"date":"2025-12-07T23:50:55","date_gmt":"2025-12-07T22:50:55","guid":{"rendered":"https:\/\/sens-foi.fr\/?page_id=1680"},"modified":"2026-03-21T12:20:20","modified_gmt":"2026-03-21T11:20:20","slug":"programme-2026","status":"publish","type":"page","link":"https:\/\/sens-foi.fr\/index.php\/programme-2026\/","title":{"rendered":"Programme 2026"},"content":{"rendered":"<div class=\"wp-block-cover alignfull has-post-link\" style=\"padding-top:var(--wp--preset--spacing--m);padding-bottom:var(--wp--preset--spacing--m);min-height:20vh;aspect-ratio:unset;\"><span aria-hidden=\"true\" class=\"wp-block-cover__background has-primary-background-color has-background-dim-70 has-background-dim\"><\/span><div class=\"wp-block-cover__inner-container is-layout-flow wp-block-cover-is-layout-flow\"><h1 class=\"wp-block-post-title\">Programme 2026<\/h1>\n\n\n<div class=\"wp-block-group has-base-background-color has-background is-layout-flow wp-block-group-is-layout-flow\">\n<p>Les inscriptions sont possibles sur <a href=\"https:\/\/www.billetweb.fr\/festival-art-sens-et-foi-2026\">BilletWeb <\/a>et obligatoires pour les ateliers (places limit\u00e9es).<\/p>\n<\/div>\n<\/div><a href=\"https:\/\/sens-foi.fr\/index.php\/programme-2026\/\" class=\"wp-block-cover__post-link\"><span class=\"screen-reader-text\">Programme 2026<\/span><\/a><\/div>\n\n\n<div style=\"height:var(--wp--preset--spacing--content)\" aria-hidden=\"true\" class=\"wp-block-spacer\"><\/div>\n\n\n\n<div class=\"wp-block-group alignwide has-primary-background-color has-background is-layout-flow wp-block-group-is-layout-flow\">\n<h2 class=\"wp-block-heading has-m-font-size\" style=\"text-transform:uppercase\">Mercredi 4 mars<\/h2>\n\n\n\n<div class=\"wp-block-group is-layout-flow wp-block-group-is-layout-flow\">\n<h3 class=\"wp-block-heading has-s-font-size\" style=\"text-transform:uppercase\"><a href=\"https:\/\/www.billetweb.fr\/festival-art-sens-et-foi-2026\">Label utopie<\/a><\/h3>\n\n\n\n<div class=\"wp-block-columns is-layout-flex wp-container-core-columns-is-layout-28f84493 wp-block-columns-is-layout-flex\">\n<div class=\"wp-block-column is-layout-flow wp-block-column-is-layout-flow\">\n<div class=\"wp-block-group is-content-justification-space-between is-nowrap is-layout-flex wp-container-core-group-is-layout-cb46ffcb wp-block-group-is-layout-flex\">\n<div class=\"wp-block-group has-global-padding is-layout-constrained wp-block-group-is-layout-constrained\">\n<p><em><em><em>Th\u00e9\u00e2tre et r\u00e9cit<\/em><\/em><\/em><\/p>\n\n\n\n<p>Compagnie Th\u00e9\u00e2tre Du Pressoir<\/p>\n<\/div>\n\n\n\n<figure class=\"wp-block-image size-full is-resized\"><a href=\"https:\/\/www.festivaloffavignon.com\/spectacles\/6692-label-utopie\"><img loading=\"lazy\" decoding=\"async\" width=\"225\" height=\"225\" src=\"https:\/\/sens-foi.fr\/wp-content\/uploads\/2025\/12\/logo-avignon.png\" alt=\"\" class=\"wp-image-1834\" style=\"width:65px;height:auto\" srcset=\"https:\/\/sens-foi.fr\/wp-content\/uploads\/2025\/12\/logo-avignon.png 225w, https:\/\/sens-foi.fr\/wp-content\/uploads\/2025\/12\/logo-avignon-150x150.png 150w\" sizes=\"auto, (max-width: 225px) 100vw, 225px\" \/><\/a><\/figure>\n<\/div>\n\n\n\n<blockquote class=\"wp-block-quote is-layout-flow wp-block-quote-is-layout-flow\">\n<p>XIX\u00e8me si\u00e8cle, \u00e0 100kms de Lille&nbsp;: au Familist\u00e8re de Guise, les po\u00eales Godin sortent de l&rsquo;usine et l&rsquo;utopie d&rsquo;un \u00ab\u00a0palais social\u00a0\u00bb de la pens\u00e9e de Jean-Baptiste Andr\u00e9 Godin et de sa femme, Marie Moret.<\/p>\n\n\n\n<p>\u00ab\u00a0Label Utopie\u00a0\u00bb est pi\u00e8ce de th\u00e9\u00e2tre qui plonge les spectateurs dans une histoire authentique et met en perspective les probl\u00e9matiques sociales et entrepreneuriales d&rsquo;une \u00e9poque pour mieux appr\u00e9hender celles d&rsquo;aujourd&rsquo;hui.<\/p>\n\n\n\n<p>Et, peut-\u00eatre, nous entrainer \u00e0 susciter de nouveaux possibles ?<\/p>\n\n\n\n<p>Comment, au travail aussi, construire et vivre aujourd\u2019hui un \u2018Nous\u2019 qui respecte et permette l\u2019\u00e9dification de chacun dans une aventure collective f\u00e9conde et exaltante ?<\/p>\n<\/blockquote>\n<\/div>\n\n\n\n<div class=\"wp-block-column is-layout-flow wp-block-column-is-layout-flow\">\n<figure class=\"wp-block-image aligncenter size-full\"><a href=\"https:\/\/www.billetweb.fr\/festival-art-sens-et-foi-2026\"><img loading=\"lazy\" decoding=\"async\" width=\"733\" height=\"912\" src=\"https:\/\/sens-foi.fr\/wp-content\/uploads\/2025\/12\/label-utopie.png\" alt=\"\" class=\"wp-image-1730\" srcset=\"https:\/\/sens-foi.fr\/wp-content\/uploads\/2025\/12\/label-utopie.png 733w, https:\/\/sens-foi.fr\/wp-content\/uploads\/2025\/12\/label-utopie-241x300.png 241w\" sizes=\"auto, (max-width: 733px) 100vw, 733px\" \/><\/a><\/figure>\n<\/div>\n<\/div>\n\n\n\n<div class=\"wp-block-group is-nowrap is-layout-flex wp-container-core-group-is-layout-6c531013 wp-block-group-is-layout-flex\">\n<figure class=\"wp-block-image size-full is-resized\"><a href=\"https:\/\/www.google.com\/maps\/place\/AlterEos\/@50.7120294,3.1423103,17z\/data=!3m1!4b1!4m6!3m5!1s0x47c3292fabe15a6f:0x26571129ca8a5644!8m2!3d50.7120294!4d3.1448906!16s%2Fg%2F11b6dgcvgm\"><img loading=\"lazy\" decoding=\"async\" width=\"92\" height=\"92\" src=\"https:\/\/sens-foi.fr\/wp-content\/uploads\/2025\/12\/maps.png\" alt=\"\" class=\"wp-image-1944\" style=\"width:33px;height:auto\"\/><\/a><\/figure>\n\n\n\n<p>4 mars \u00e0 20h &#8211; \u00c0 l\u2019issue de la repr\u00e9sentation&nbsp;: table ronde en pr\u00e9sence d\u2019un syndicaliste, d\u2019une universitaire et d\u2019un dirigeant d\u2019entreprise<br>AlterEos, rue Michel Raillard 59200 Tourcoing<\/p>\n<\/div>\n<\/div>\n\n\n\n<p class=\"has-s-font-size\">Les r\u00e9servations ou les achats de billet sont possibles sur <a href=\"https:\/\/www.billetweb.fr\/festival-art-sens-et-foi-2026\">BilletWeb<\/a>.<br>Les places sont limit\u00e9es et les r\u00e9servation obligatoires pour les ateliers.<\/p>\n<\/div>\n\n\n\n<div style=\"height:var(--wp--preset--spacing--content)\" aria-hidden=\"true\" class=\"wp-block-spacer\"><\/div>\n\n\n\n<div class=\"wp-block-group alignwide has-base-background-color has-background is-layout-flow wp-block-group-is-layout-flow\">\n<h2 class=\"wp-block-heading has-m-font-size\" style=\"text-transform:uppercase\">Vendredi 6 mars<\/h2>\n\n\n\n<div class=\"wp-block-group is-layout-flow wp-block-group-is-layout-flow\">\n<h3 class=\"wp-block-heading has-s-font-size\" style=\"text-transform:uppercase\"><a href=\"https:\/\/www.billetweb.fr\/festival-art-sens-et-foi-2026\">Bal folk<\/a><\/h3>\n\n\n\n<div class=\"wp-block-columns is-layout-flex wp-container-core-columns-is-layout-28f84493 wp-block-columns-is-layout-flex\">\n<div class=\"wp-block-column is-layout-flow wp-block-column-is-layout-flow\">\n<p><em>Danse et bal<\/em><\/p>\n\n\n\n<p>Groupe Sur les Pas d\u2019Aurore<\/p>\n\n\n\n<blockquote class=\"wp-block-quote is-layout-flow wp-block-quote-is-layout-flow\">\n<p>C\u2019est la danse ancr\u00e9e dans notre terroir<br>C\u2019est le groupe qui fonctionne en miroir<\/p>\n\n\n\n<p>Un bal folk ?<br>C\u2019est la simplicit\u00e9 et le rire<br>La rencontre toujours \u00e0 devenir<br>Tous les \u00e2ges, tous les mondes sont l\u00e0<br>Qui s\u2019entrecroisent sous des ponts de bras.<\/p>\n\n\n\n<p>Un bal folk ?<br>Une surprise du nous dans\u00e9e\u2026<br>A vous de venir la cr\u00e9er !<\/p>\n<\/blockquote>\n<\/div>\n\n\n\n<div class=\"wp-block-column is-layout-flow wp-block-column-is-layout-flow\">\n<figure class=\"wp-block-image size-full\"><a href=\"https:\/\/www.billetweb.fr\/festival-art-sens-et-foi-2026\"><img loading=\"lazy\" decoding=\"async\" width=\"920\" height=\"688\" src=\"https:\/\/sens-foi.fr\/wp-content\/uploads\/2026\/01\/bal-folk.jpg\" alt=\"\" class=\"wp-image-1998\" srcset=\"https:\/\/sens-foi.fr\/wp-content\/uploads\/2026\/01\/bal-folk.jpg 920w, https:\/\/sens-foi.fr\/wp-content\/uploads\/2026\/01\/bal-folk-300x224.jpg 300w, https:\/\/sens-foi.fr\/wp-content\/uploads\/2026\/01\/bal-folk-768x574.jpg 768w\" sizes=\"auto, (max-width: 920px) 100vw, 920px\" \/><\/a><\/figure>\n<\/div>\n<\/div>\n\n\n\n<div class=\"wp-block-group is-nowrap is-layout-flex wp-container-core-group-is-layout-6c531013 wp-block-group-is-layout-flex\">\n<figure class=\"wp-block-image size-full is-resized\"><a href=\"https:\/\/www.google.com\/maps\/place\/Ensemble+scolaire+-+La+Salle+Lille\/@50.6286318,3.0381408,17z\/data=!3m1!5s0x47c2d5700bed81e9:0x3796d57196c8fcf3!4m6!3m5!1s0x47c2d5706a882647:0x446d9cac88ffcdda!8m2!3d50.6286284!4d3.0407211!16s%2Fg%2F1tf797jh?entry=ttu&amp;g_ep=EgoyMDI1MTIwOS4wIKXMDSoASAFQAw%3D%3D\"><img loading=\"lazy\" decoding=\"async\" width=\"92\" height=\"92\" src=\"https:\/\/sens-foi.fr\/wp-content\/uploads\/2025\/12\/maps.png\" alt=\"\" class=\"wp-image-1944\" style=\"width:33px;height:auto\"\/><\/a><\/figure>\n\n\n\n<p>6 mars de 20h \u00e0 23h30-minuit &#8211; Petite restauration sur place<br>Ensemble scolaire La Salle, 77 bis rue Philippe-Laurent Roland 59000 Lille<\/p>\n<\/div>\n\n\n\n<p class=\"has-s-font-size\">Les r\u00e9servations ou les achats de billet sont possibles sur <a href=\"https:\/\/www.billetweb.fr\/festival-art-sens-et-foi-2026\">BilletWeb<\/a>.<br>Les places sont limit\u00e9es et les r\u00e9servation obligatoires pour les ateliers.<\/p>\n<\/div>\n<\/div>\n\n\n\n<div style=\"height:var(--wp--preset--spacing--content)\" aria-hidden=\"true\" class=\"wp-block-spacer\"><\/div>\n\n\n\n<div class=\"wp-block-group alignwide has-primary-background-color has-background is-layout-flow wp-block-group-is-layout-flow\">\n<h2 class=\"wp-block-heading has-m-font-size\" style=\"text-transform:uppercase\">Samedi 7 mars<\/h2>\n\n\n\n<div class=\"wp-block-group is-layout-flow wp-block-group-is-layout-flow\">\n<h3 class=\"wp-block-heading has-s-font-size\" style=\"text-transform:uppercase\"><a href=\"https:\/\/www.billetweb.fr\/festival-art-sens-et-foi-2026\">Atelier conscience corporelle et danse<\/a><\/h3>\n\n\n\n<div class=\"wp-block-columns is-layout-flex wp-container-core-columns-is-layout-28f84493 wp-block-columns-is-layout-flex\">\n<div class=\"wp-block-column is-layout-flow wp-block-column-is-layout-flow\">\n<p><em><em><em>Danse et bal<\/em><\/em><\/em><\/p>\n\n\n\n<p>Avec Sophie Dusart relaxologue-danseuse.<br>Inscription obligatoire.<\/p>\n\n\n\n<blockquote class=\"wp-block-quote is-layout-flow wp-block-quote-is-layout-flow\">\n<p>Tous ceux qui veulent aller plus loin dans la connaissance de soi, dans la conscience corporelle par la pr\u00e9sence \u00e0 soi, aux autres, nourrie de cr\u00e9ativit\u00e9.<\/p>\n<\/blockquote>\n<\/div>\n\n\n\n<div class=\"wp-block-column is-layout-flow wp-block-column-is-layout-flow\">\n<figure class=\"wp-block-image size-large\"><a href=\"https:\/\/www.billetweb.fr\/festival-art-sens-et-foi-2026\"><img loading=\"lazy\" decoding=\"async\" width=\"724\" height=\"1024\" src=\"https:\/\/sens-foi.fr\/wp-content\/uploads\/2026\/01\/260109_Danse-affiche-1-724x1024.jpg\" alt=\"\" class=\"wp-image-1995\" srcset=\"https:\/\/sens-foi.fr\/wp-content\/uploads\/2026\/01\/260109_Danse-affiche-1-724x1024.jpg 724w, https:\/\/sens-foi.fr\/wp-content\/uploads\/2026\/01\/260109_Danse-affiche-1-212x300.jpg 212w, https:\/\/sens-foi.fr\/wp-content\/uploads\/2026\/01\/260109_Danse-affiche-1-768x1086.jpg 768w, https:\/\/sens-foi.fr\/wp-content\/uploads\/2026\/01\/260109_Danse-affiche-1-1086x1536.jpg 1086w, https:\/\/sens-foi.fr\/wp-content\/uploads\/2026\/01\/260109_Danse-affiche-1-1448x2048.jpg 1448w, https:\/\/sens-foi.fr\/wp-content\/uploads\/2026\/01\/260109_Danse-affiche-1.jpg 1810w\" sizes=\"auto, (max-width: 724px) 100vw, 724px\" \/><\/a><\/figure>\n<\/div>\n<\/div>\n\n\n\n<div class=\"wp-block-group is-nowrap is-layout-flex wp-container-core-group-is-layout-6c531013 wp-block-group-is-layout-flex\">\n<figure class=\"wp-block-image size-full is-resized\"><a href=\"https:\/\/www.google.com\/maps\/place\/Maison+Saint-Fran%C3%A7ois+-+L'Arche+Lille+M%C3%A9tropole\/@50.6410898,3.0922023,17z\/data=!3m1!4b1!4m6!3m5!1s0x47c32a00d80dbebb:0xbc08fd5e169a300!8m2!3d50.6410898!4d3.0947826!16s%252Fg%252F1tdvjb71\"><img loading=\"lazy\" decoding=\"async\" width=\"92\" height=\"92\" src=\"https:\/\/sens-foi.fr\/wp-content\/uploads\/2025\/12\/maps.png\" alt=\"\" class=\"wp-image-1944\" style=\"width:33px;height:auto\"\/><\/a><\/figure>\n\n\n\n<p>7 mars de 13h \u00e0 16h<br>Arche, 2 rue Berthollet 59000 Lille<\/p>\n<\/div>\n\n\n\n<p class=\"has-s-font-size\">Les r\u00e9servations ou les achats de billet sont possibles sur <a href=\"https:\/\/www.billetweb.fr\/festival-art-sens-et-foi-2026\">BilletWeb<\/a>.<br>Les places sont limit\u00e9es et les r\u00e9servation obligatoires pour les ateliers.<\/p>\n<\/div>\n\n\n\n<div class=\"wp-block-group has-base-background-color has-background is-layout-flow wp-block-group-is-layout-flow\">\n<h3 class=\"wp-block-heading has-s-font-size\" style=\"text-transform:uppercase\"><a href=\"https:\/\/www.billetweb.fr\/festival-art-sens-et-foi-2026\">Atelier lecture \u00e0 voix haute<\/a><\/h3>\n\n\n\n<div class=\"wp-block-columns is-layout-flex wp-container-core-columns-is-layout-28f84493 wp-block-columns-is-layout-flex\">\n<div class=\"wp-block-column is-layout-flow wp-block-column-is-layout-flow\">\n<figure class=\"wp-block-image aligncenter size-full\"><a href=\"https:\/\/www.billetweb.fr\/festival-art-sens-et-foi-2026\"><img loading=\"lazy\" decoding=\"async\" width=\"307\" height=\"500\" src=\"https:\/\/sens-foi.fr\/wp-content\/uploads\/2025\/12\/la-divine-origine.png\" alt=\"\" class=\"wp-image-1820\" srcset=\"https:\/\/sens-foi.fr\/wp-content\/uploads\/2025\/12\/la-divine-origine.png 307w, https:\/\/sens-foi.fr\/wp-content\/uploads\/2025\/12\/la-divine-origine-184x300.png 184w\" sizes=\"auto, (max-width: 307px) 100vw, 307px\" \/><\/a><\/figure>\n<\/div>\n\n\n\n<div class=\"wp-block-column is-layout-flow wp-block-column-is-layout-flow\">\n<p><em>Th\u00e9\u00e2tre et r\u00e9cit&nbsp;<\/em><\/p>\n\n\n\n<p>\u00c0 partir d\u2019un chapitre du livre de Marie Balmary La divine origine<\/p>\n\n\n\n<blockquote class=\"wp-block-quote is-layout-flow wp-block-quote-is-layout-flow\">\n<p>Lire, s\u2019arr\u00eater, \u00e9changer, commenter, prendre le temps de se parler.<\/p>\n<\/blockquote>\n<\/div>\n<\/div>\n\n\n\n<div class=\"wp-block-group is-nowrap is-layout-flex wp-container-core-group-is-layout-6c531013 wp-block-group-is-layout-flex\">\n<figure class=\"wp-block-image size-full is-resized\"><a href=\"https:\/\/www.google.com\/maps\/place\/%C3%89glise+Notre-Dame-de-la-Cousinerie+%C3%A0+Villeneuve-d'Ascq\/@50.6412357,3.1523473,17z\/data=!3m2!4b1!5s0x47c328295a12d25d:0xb3ae201efe981183!4m6!3m5!1s0x47c2d620cbe474a7:0x7a10588f6b197a28!8m2!3d50.6412323!4d3.1549276!16s%252Fg%252F12195x8b\"><img loading=\"lazy\" decoding=\"async\" width=\"92\" height=\"92\" src=\"https:\/\/sens-foi.fr\/wp-content\/uploads\/2025\/12\/maps.png\" alt=\"\" class=\"wp-image-1944\" style=\"width:33px;height:auto\"\/><\/a><\/figure>\n\n\n\n<p>7 mars de 16h15 \u00e0 18h<br>\u00c9glise de la Cousinerie, 1 all\u00e9e du cercle 59650 Villeneuve d\u2019ascq<\/p>\n<\/div>\n\n\n\n<p class=\"has-s-font-size\">Les r\u00e9servations ou les achats de billet sont possibles sur <a href=\"https:\/\/www.billetweb.fr\/festival-art-sens-et-foi-2026\">BilletWeb<\/a>.<br>Les places sont limit\u00e9es et les r\u00e9servation obligatoires pour les ateliers.<\/p>\n<\/div>\n\n\n\n<div class=\"wp-block-group is-layout-flow wp-block-group-is-layout-flow\">\n<h3 class=\"wp-block-heading has-s-font-size\" style=\"text-transform:uppercase\"><a href=\"https:\/\/www.billetweb.fr\/festival-art-sens-et-foi-2026\">Atelier parent-enfant<\/a><\/h3>\n\n\n\n<div class=\"wp-block-columns is-layout-flex wp-container-core-columns-is-layout-28f84493 wp-block-columns-is-layout-flex\">\n<div class=\"wp-block-column is-layout-flow wp-block-column-is-layout-flow\">\n<p><em><em><em>Danse et bal<\/em><\/em><\/em><\/p>\n\n\n\n<p>Avec Sophie Dusart relaxologue-danseuse.<\/p>\n\n\n\n<blockquote class=\"wp-block-quote is-layout-flow wp-block-quote-is-layout-flow\">\n<p>Pour l&rsquo;\u00e9veil corporel du tout petit, partager un moment d&rsquo;intimit\u00e9 et de tendresse.<\/p>\n<\/blockquote>\n<\/div>\n\n\n\n<div class=\"wp-block-column is-layout-flow wp-block-column-is-layout-flow\"><\/div>\n<\/div>\n\n\n\n<div class=\"wp-block-group is-nowrap is-layout-flex wp-container-core-group-is-layout-6c531013 wp-block-group-is-layout-flex\">\n<figure class=\"wp-block-image size-full is-resized\"><a href=\"https:\/\/www.google.com\/maps\/place\/Maison+Saint-Fran%C3%A7ois+-+L'Arche+Lille+M%C3%A9tropole\/@50.6410898,3.0922023,17z\/data=!3m1!4b1!4m6!3m5!1s0x47c32a00d80dbebb:0xbc08fd5e169a300!8m2!3d50.6410898!4d3.0947826!16s%252Fg%252F1tdvjb71\"><img loading=\"lazy\" decoding=\"async\" width=\"92\" height=\"92\" src=\"https:\/\/sens-foi.fr\/wp-content\/uploads\/2025\/12\/maps.png\" alt=\"\" class=\"wp-image-1944\" style=\"width:33px;height:auto\"\/><\/a><\/figure>\n\n\n\n<p>7 mars de 16h30 \u00e0 17h30 &#8211; Inscription obligatoire.<br>Billet pour un bin\u00f4me parent-enfant avec des enfants de 8 \u00e0 35 mois.<br>Arche, 2 rue Berthollet 59000 Lille<\/p>\n<\/div>\n\n\n\n<p class=\"has-s-font-size\">Les r\u00e9servations ou les achats de billet sont possibles sur <a href=\"https:\/\/www.billetweb.fr\/festival-art-sens-et-foi-2026\">BilletWeb<\/a>.<br>Les places sont limit\u00e9es et les r\u00e9servation obligatoires pour les ateliers.<\/p>\n<\/div>\n\n\n\n<div class=\"wp-block-group has-base-background-color has-background is-layout-flow wp-block-group-is-layout-flow\">\n<h3 class=\"wp-block-heading has-s-font-size\" style=\"text-transform:uppercase\"><a href=\"https:\/\/www.billetweb.fr\/festival-art-sens-et-foi-2026\">No\u00e9<\/a><\/h3>\n\n\n\n<div class=\"wp-block-columns is-layout-flex wp-container-core-columns-is-layout-28f84493 wp-block-columns-is-layout-flex\">\n<div class=\"wp-block-column is-layout-flow wp-block-column-is-layout-flow\">\n<div class=\"wp-block-group is-content-justification-space-between is-nowrap is-layout-flex wp-container-core-group-is-layout-cb46ffcb wp-block-group-is-layout-flex\">\n<div class=\"wp-block-group has-global-padding is-layout-constrained wp-block-group-is-layout-constrained\">\n<p><em><em><em><em>Th\u00e9\u00e2tre et r\u00e9cit&nbsp;<\/em><\/em><\/em><\/em><\/p>\n\n\n\n<p>Texte de Fabrice Hadjaj <br>Compagnie Th\u00e9\u00e2tre de la Carne<\/p>\n<\/div>\n\n\n\n<figure class=\"wp-block-image size-full is-resized\"><a href=\"https:\/\/www.festivaloffavignon.com\/spectacles\/7038-noe\"><img loading=\"lazy\" decoding=\"async\" width=\"225\" height=\"225\" src=\"https:\/\/sens-foi.fr\/wp-content\/uploads\/2025\/12\/logo-avignon.png\" alt=\"\" class=\"wp-image-1834\" style=\"width:65px;height:auto\" srcset=\"https:\/\/sens-foi.fr\/wp-content\/uploads\/2025\/12\/logo-avignon.png 225w, https:\/\/sens-foi.fr\/wp-content\/uploads\/2025\/12\/logo-avignon-150x150.png 150w\" sizes=\"auto, (max-width: 225px) 100vw, 225px\" \/><\/a><\/figure>\n<\/div>\n\n\n\n<blockquote class=\"wp-block-quote is-layout-flow wp-block-quote-is-layout-flow\">\n<p>Texte multifacette, parfois enchanteur comme un conte, parfois ruisselant de beaut\u00e9 comme un po\u00e8me, parfois lassant de m\u00e9taphores.<br>Mais un texte souvent fort et d\u00e9rangeant, nous laissant sur la langue le go\u00fbt des questions essentielles et dangereuses.<\/p>\n\n\n\n<p>Dangereuses ? Parce que si nous oublions le d\u00e9calage qu\u2019apporte le conte et la po\u00e9sie, ces questions peuvent \u00eatre v\u00e9cues comme choquantes et r\u00e9trogrades.<\/p>\n\n\n\n<p>Essentielles ? Oui, essentielles, pour notre temps en plein d\u00e9luge, qui perd bornes et rep\u00e8res, ensevelis sous cette eau indiff\u00e9renciatrice.<\/p>\n\n\n\n<p>C\u2019est un texte mati\u00e8re \u00e0 penser.<br>Il nous faudra confronter nos id\u00e9es, nos interpr\u00e9tations, nos questionnements, tout cela dans le respect de chaque pens\u00e9e, dans un mouvement de recherche et non de savoir\u2026<\/p>\n\n\n\n<p>Assur\u00e9ment, une \u201csurprise du nous\u201d confront\u00e9e \u00e0 la diff\u00e9rence !!!<\/p>\n<\/blockquote>\n<\/div>\n\n\n\n<div class=\"wp-block-column is-layout-flow wp-block-column-is-layout-flow\">\n<figure class=\"wp-block-image aligncenter size-full\"><a href=\"https:\/\/www.billetweb.fr\/festival-art-sens-et-foi-2026\"><img loading=\"lazy\" decoding=\"async\" width=\"666\" height=\"818\" src=\"https:\/\/sens-foi.fr\/wp-content\/uploads\/2025\/12\/noe.png\" alt=\"\" class=\"wp-image-1733\" srcset=\"https:\/\/sens-foi.fr\/wp-content\/uploads\/2025\/12\/noe.png 666w, https:\/\/sens-foi.fr\/wp-content\/uploads\/2025\/12\/noe-244x300.png 244w\" sizes=\"auto, (max-width: 666px) 100vw, 666px\" \/><\/a><\/figure>\n<\/div>\n<\/div>\n\n\n\n<div class=\"wp-block-group is-nowrap is-layout-flex wp-container-core-group-is-layout-6c531013 wp-block-group-is-layout-flex\">\n<figure class=\"wp-block-image size-full is-resized\"><a href=\"https:\/\/www.google.com\/maps\/place\/%C3%89glise+Notre-Dame-de-la-Cousinerie+%C3%A0+Villeneuve-d'Ascq\/@50.6412357,3.1523473,17z\/data=!3m2!4b1!5s0x47c328295a12d25d:0xb3ae201efe981183!4m6!3m5!1s0x47c2d620cbe474a7:0x7a10588f6b197a28!8m2!3d50.6412323!4d3.1549276!16s%252Fg%252F12195x8b\"><img loading=\"lazy\" decoding=\"async\" width=\"92\" height=\"92\" src=\"https:\/\/sens-foi.fr\/wp-content\/uploads\/2025\/12\/maps.png\" alt=\"\" class=\"wp-image-1944\" style=\"width:33px;height:auto\"\/><\/a><\/figure>\n\n\n\n<p>7 mars \u00e0 20h30<br>\u00c9glise de la cousinerie, 1 All\u00e9e du cercle 59650 Villeneuve d\u2019ascq<\/p>\n<\/div>\n\n\n\n<p class=\"has-s-font-size\">Les r\u00e9servations ou les achats de billet sont possibles sur <a href=\"https:\/\/www.billetweb.fr\/festival-art-sens-et-foi-2026\">BilletWeb<\/a>.<br>Les places sont limit\u00e9es et les r\u00e9servation obligatoires pour les ateliers.<\/p>\n<\/div>\n<\/div>\n\n\n\n<div style=\"height:var(--wp--preset--spacing--content)\" aria-hidden=\"true\" class=\"wp-block-spacer\"><\/div>\n\n\n\n<div class=\"wp-block-group alignwide has-base-background-color has-background is-layout-flow wp-block-group-is-layout-flow\">\n<h2 class=\"wp-block-heading has-m-font-size\" style=\"text-transform:uppercase\">Dimanche 8 mars<\/h2>\n\n\n\n<div class=\"wp-block-group is-layout-flow wp-block-group-is-layout-flow\">\n<h3 class=\"wp-block-heading has-s-font-size\" style=\"text-transform:uppercase\"><a href=\"https:\/\/www.billetweb.fr\/festival-art-sens-et-foi-2026\">Passeport pour la libert\u00e9<\/a><\/h3>\n\n\n\n<div class=\"wp-block-columns is-layout-flex wp-container-core-columns-is-layout-28f84493 wp-block-columns-is-layout-flex\">\n<div class=\"wp-block-column is-layout-flow wp-block-column-is-layout-flow\">\n<div class=\"wp-block-group is-content-justification-space-between is-nowrap is-layout-flex wp-container-core-group-is-layout-cb46ffcb wp-block-group-is-layout-flex\">\n<div class=\"wp-block-group has-global-padding is-layout-constrained wp-block-group-is-layout-constrained\">\n<p><em><em>Th\u00e9\u00e2tre et r\u00e9cit&nbsp;<\/em><\/em><\/p>\n\n\n\n<p>Compagnie Passeurs du m\u00e9moire<\/p>\n<\/div>\n\n\n\n<figure class=\"wp-block-image size-full is-resized\"><a href=\"https:\/\/www.festivaloffavignon.com\/spectacles\/6871-passeports-pour-la-liberte\"><img loading=\"lazy\" decoding=\"async\" width=\"225\" height=\"225\" src=\"https:\/\/sens-foi.fr\/wp-content\/uploads\/2025\/12\/logo-avignon.png\" alt=\"\" class=\"wp-image-1834\" style=\"width:65px;height:auto\" srcset=\"https:\/\/sens-foi.fr\/wp-content\/uploads\/2025\/12\/logo-avignon.png 225w, https:\/\/sens-foi.fr\/wp-content\/uploads\/2025\/12\/logo-avignon-150x150.png 150w\" sizes=\"auto, (max-width: 225px) 100vw, 225px\" \/><\/a><\/figure>\n<\/div>\n\n\n\n<blockquote class=\"wp-block-quote is-layout-flow wp-block-quote-is-layout-flow\">\n<p>Une conversation tr\u00e8s s\u00e9rieuse. Une femme d\u00e9ploie devant un chercheur plusieurs moments o\u00f9 elle a litt\u00e9ralement \u00e9t\u00e9 sauv\u00e9e. Parcours d\u2019une femme qui est issue de l\u2019immigration, tenue int\u00e9rieurement par une puissance de vie . Parcours fait de choix souvent m\u00e9lang\u00e9s et imparfaits. Marche vers un plus de libert\u00e9 et de vie. Des avanc\u00e9es \u00e9tonnantes de vivacit\u00e9. Des avanc\u00e9es impossibles sans d\u00e9sir et sans d\u2019autres pour l\u2019entendre.<\/p>\n<\/blockquote>\n<\/div>\n\n\n\n<div class=\"wp-block-column is-layout-flow wp-block-column-is-layout-flow\">\n<figure class=\"wp-block-image aligncenter size-full\"><a href=\"https:\/\/www.billetweb.fr\/festival-art-sens-et-foi-2026\"><img loading=\"lazy\" decoding=\"async\" width=\"238\" height=\"362\" src=\"https:\/\/sens-foi.fr\/wp-content\/uploads\/2025\/12\/passeport-la-libertee.png\" alt=\"\" class=\"wp-image-1735\" srcset=\"https:\/\/sens-foi.fr\/wp-content\/uploads\/2025\/12\/passeport-la-libertee.png 238w, https:\/\/sens-foi.fr\/wp-content\/uploads\/2025\/12\/passeport-la-libertee-197x300.png 197w\" sizes=\"auto, (max-width: 238px) 100vw, 238px\" \/><\/a><\/figure>\n<\/div>\n<\/div>\n\n\n\n<div class=\"wp-block-group is-nowrap is-layout-flex wp-container-core-group-is-layout-6c531013 wp-block-group-is-layout-flex\">\n<figure class=\"wp-block-image size-full is-resized\"><a href=\"https:\/\/www.google.com\/maps\/place\/Salle+Octave+Hespel\/@50.5828679,2.8852526,17z\/data=!3m1!4b1!4m6!3m5!1s0x47dd29d2f623d751:0xf8ade8814cdbc4f!8m2!3d50.5828645!4d2.8878329!16s%2Fg%2F11ss55wvg_\"><img loading=\"lazy\" decoding=\"async\" width=\"92\" height=\"92\" src=\"https:\/\/sens-foi.fr\/wp-content\/uploads\/2025\/12\/maps.png\" alt=\"\" class=\"wp-image-1944\" style=\"width:33px;height:auto\"\/><\/a><\/figure>\n\n\n\n<p>8 mars, caf\u00e9 d\u00e8s 15h15, spectacle \u00e0 16h<br>Salle Clos Hespel, rue du 4 septembre 59134 Fournes en Weppes<\/p>\n<\/div>\n\n\n\n<p class=\"has-s-font-size\">Les r\u00e9servations ou les achats de billet sont possibles sur <a href=\"https:\/\/www.billetweb.fr\/festival-art-sens-et-foi-2026\">BilletWeb<\/a>.<br>Les places sont limit\u00e9es et les r\u00e9servation obligatoires pour les ateliers.<\/p>\n<\/div>\n<\/div>\n\n\n\n<div style=\"height:var(--wp--preset--spacing--content)\" aria-hidden=\"true\" class=\"wp-block-spacer\"><\/div>\n\n\n\n<div class=\"wp-block-group alignwide has-primary-background-color has-background is-layout-flow wp-block-group-is-layout-flow\">\n<h2 class=\"wp-block-heading has-m-font-size\" style=\"text-transform:uppercase\">Vendredi 20 mars<\/h2>\n\n\n\n<div class=\"wp-block-group is-layout-flow wp-block-group-is-layout-flow\">\n<h3 class=\"wp-block-heading has-s-font-size\" style=\"text-transform:uppercase\"><a href=\"https:\/\/www.billetweb.fr\/festival-art-sens-et-foi-2026\">Violon piano slam<\/a><\/h3>\n\n\n\n<div class=\"wp-block-columns is-layout-flex wp-container-core-columns-is-layout-28f84493 wp-block-columns-is-layout-flex\">\n<div class=\"wp-block-column is-layout-flow wp-block-column-is-layout-flow\">\n<p><em><em><em>Musique et performance<\/em><\/em><\/em><\/p>\n\n\n\n<p>Ken et Antoine Sugitta<\/p>\n\n\n\n<blockquote class=\"wp-block-quote is-layout-flow wp-block-quote-is-layout-flow\">\n<p>Le nous, c\u2019est la connivence entre P\u00e8re et fils et la m\u00eame passion pour la musique. Ken, violoniste de l\u2019ONL, Antoine, pianiste, slammeur, compositeur. A travers ce projet musical, l&rsquo;ambition est d&rsquo;\u00ab&nbsp;Eveiller les graines endormies&nbsp;\u00bb. Sur sc\u00e8ne, ils jouent leurs compositions, agr\u00e9ment\u00e9es d\u2019improvisations. Chaque spectacle, la surprise entre Classique, Jazz et Slam.<\/p>\n<\/blockquote>\n<\/div>\n\n\n\n<div class=\"wp-block-column is-layout-flow wp-block-column-is-layout-flow\">\n<figure class=\"wp-block-image size-large\"><a href=\"https:\/\/www.billetweb.fr\/festival-art-sens-et-foi-2026\"><img loading=\"lazy\" decoding=\"async\" width=\"717\" height=\"1024\" src=\"https:\/\/sens-foi.fr\/wp-content\/uploads\/2025\/12\/Sugita-717x1024.png\" alt=\"\" class=\"wp-image-1909\" srcset=\"https:\/\/sens-foi.fr\/wp-content\/uploads\/2025\/12\/Sugita-717x1024.png 717w, https:\/\/sens-foi.fr\/wp-content\/uploads\/2025\/12\/Sugita-210x300.png 210w, https:\/\/sens-foi.fr\/wp-content\/uploads\/2025\/12\/Sugita-768x1096.png 768w, https:\/\/sens-foi.fr\/wp-content\/uploads\/2025\/12\/Sugita-1076x1536.png 1076w, https:\/\/sens-foi.fr\/wp-content\/uploads\/2025\/12\/Sugita.png 1132w\" sizes=\"auto, (max-width: 717px) 100vw, 717px\" \/><\/a><\/figure>\n<\/div>\n<\/div>\n\n\n\n<div class=\"wp-block-group is-nowrap is-layout-flex wp-container-core-group-is-layout-6c531013 wp-block-group-is-layout-flex\">\n<figure class=\"wp-block-image size-full is-resized\"><a href=\"https:\/\/www.google.com\/maps\/place\/%C3%89glise+catholique+Saint-Maurice\/@50.6357165,3.0644291,17z\/data=!3m1!4b1!4m6!3m5!1s0x47c2d58976929357:0x3735a99b609805cc!8m2!3d50.6357131!4d3.0670094!16s%252Fm%252F05h2f34\"><img loading=\"lazy\" decoding=\"async\" width=\"92\" height=\"92\" src=\"https:\/\/sens-foi.fr\/wp-content\/uploads\/2025\/12\/maps.png\" alt=\"\" class=\"wp-image-1944\" style=\"width:33px;height:auto\"\/><\/a><\/figure>\n\n\n\n<p>20 mars, soupe d\u00e8s 18h30, concert \u00e0 20h<br>\u00c9glise St Maurice, Parvis St Maurice 59000 Lille<\/p>\n<\/div>\n\n\n\n<p class=\"has-s-font-size\">Les r\u00e9servations ou les achats de billet sont possibles sur <a href=\"https:\/\/www.billetweb.fr\/festival-art-sens-et-foi-2026\">BilletWeb<\/a>.<br>Les places sont limit\u00e9es et les r\u00e9servation obligatoires pour les ateliers.<\/p>\n<\/div>\n<\/div>\n\n\n\n<div style=\"height:var(--wp--preset--spacing--content)\" aria-hidden=\"true\" class=\"wp-block-spacer\"><\/div>\n\n\n\n<div class=\"wp-block-group alignwide has-primary-background-color has-background is-layout-flow wp-block-group-is-layout-flow\">\n<h2 class=\"wp-block-heading has-m-font-size\" style=\"text-transform:uppercase\">Samedi 21 mars<\/h2>\n\n\n\n<div class=\"wp-block-group is-layout-flow wp-block-group-is-layout-flow\">\n<h3 class=\"wp-block-heading has-s-font-size\" style=\"text-transform:uppercase\"><a href=\"https:\/\/www.billetweb.fr\/festival-art-sens-et-foi-2026\">Atelier d&rsquo;\u00e9criture slam<\/a><\/h3>\n\n\n\n<div class=\"wp-block-columns is-layout-flex wp-container-core-columns-is-layout-28f84493 wp-block-columns-is-layout-flex\">\n<div class=\"wp-block-column is-layout-flow wp-block-column-is-layout-flow\">\n<p><em>Musique et performance<\/em><\/p>\n\n\n\n<p>Avec l\u2019association lilloise pArt\u2019ages.<br>Marcel, N\u2019drix et Fleur de Sel<br><\/p>\n\n\n\n<blockquote class=\"wp-block-quote is-layout-flow wp-block-quote-is-layout-flow\">\n<p>Le slam, \u00e7a claque. \u00e7a secoue, \u00e7a embrasse. Le slam, c\u2019est une parole \u00e0 soi adress\u00e9e \u00e0 un autre, qui fait maillage de sens.<\/p>\n<\/blockquote>\n<\/div>\n\n\n\n<div class=\"wp-block-column is-layout-flow wp-block-column-is-layout-flow\"><\/div>\n<\/div>\n\n\n\n<div class=\"wp-block-group is-nowrap is-layout-flex wp-container-core-group-is-layout-6c531013 wp-block-group-is-layout-flex\">\n<figure class=\"wp-block-image size-full is-resized\"><a href=\"https:\/\/www.google.com\/maps\/place\/Institut+M%C3%A9dico+Educatif+L'Eveil\/@50.616508,3.0186592,17z\/data=!3m1!4b1!4m6!3m5!1s0x47c2d53d8bf8a121:0x51c054ad5c0cad86!8m2!3d50.6165046!4d3.0212395!16s%2Fg%2F1td0s0mv\"><img loading=\"lazy\" decoding=\"async\" width=\"92\" height=\"92\" src=\"https:\/\/sens-foi.fr\/wp-content\/uploads\/2025\/12\/maps.png\" alt=\"\" class=\"wp-image-1944\" style=\"width:33px;height:auto\"\/><\/a><\/figure>\n\n\n\n<p>21 mars de 14h \u00e0 17h &#8211; Inscription obligatoire. A partir de 12 ans.<br>IME l\u2019\u00e9veil, 8 rue du Mar\u00e9chal Foch 59120 Loos<\/p>\n<\/div>\n\n\n\n<p class=\"has-s-font-size\">Les r\u00e9servations ou les achats de billet sont possibles sur <a href=\"https:\/\/www.billetweb.fr\/festival-art-sens-et-foi-2026\">BilletWeb<\/a>.<br>Les places sont limit\u00e9es et les r\u00e9servation obligatoires pour les ateliers.<\/p>\n<\/div>\n\n\n\n<div class=\"wp-block-group has-base-background-color has-background is-layout-flow wp-block-group-is-layout-flow\">\n<h3 class=\"wp-block-heading has-s-font-size\" style=\"text-transform:uppercase\"><a href=\"https:\/\/www.billetweb.fr\/festival-art-sens-et-foi-2026\">Atelier lecture \u00e0 voix haute<\/a><\/h3>\n\n\n\n<div class=\"wp-block-columns is-layout-flex wp-container-core-columns-is-layout-28f84493 wp-block-columns-is-layout-flex\">\n<div class=\"wp-block-column is-layout-flow wp-block-column-is-layout-flow\"><\/div>\n\n\n\n<div class=\"wp-block-column is-layout-flow wp-block-column-is-layout-flow\">\n<p><em>Musique et performance<\/em><\/p>\n\n\n\n<p>A partir d\u2019un chapitre du livre \u201cChoisis la vie\u201d de Christiane Singer<\/p>\n\n\n\n<blockquote class=\"wp-block-quote is-layout-flow wp-block-quote-is-layout-flow\">\n<p>S\u2019arr\u00eater, \u00e9changer, commenter, prendre le temps de se parler.<\/p>\n<\/blockquote>\n<\/div>\n<\/div>\n\n\n\n<div class=\"wp-block-group is-nowrap is-layout-flex wp-container-core-group-is-layout-6c531013 wp-block-group-is-layout-flex\">\n<figure class=\"wp-block-image size-full is-resized\"><a href=\"https:\/\/www.google.com\/maps\/place\/Institut+M%C3%A9dico+Educatif+L'Eveil\/@50.616508,3.0186592,17z\/data=!3m1!4b1!4m6!3m5!1s0x47c2d53d8bf8a121:0x51c054ad5c0cad86!8m2!3d50.6165046!4d3.0212395!16s%2Fg%2F1td0s0mv\"><img loading=\"lazy\" decoding=\"async\" width=\"92\" height=\"92\" src=\"https:\/\/sens-foi.fr\/wp-content\/uploads\/2025\/12\/maps.png\" alt=\"\" class=\"wp-image-1944\" style=\"width:33px;height:auto\"\/><\/a><\/figure>\n\n\n\n<p>21 mars de 15h \u00e0 17h<br>IME l\u2019\u00e9veil, 8 rue du Mal Foch 59120 Loos<\/p>\n<\/div>\n\n\n\n<p class=\"has-s-font-size\">Les r\u00e9servations ou les achats de billet sont possibles sur <a href=\"https:\/\/www.billetweb.fr\/festival-art-sens-et-foi-2026\">BilletWeb<\/a>.<br>Les places sont limit\u00e9es et les r\u00e9servation obligatoires pour les ateliers.<\/p>\n<\/div>\n\n\n\n<div class=\"wp-block-group is-layout-flow wp-block-group-is-layout-flow\">\n<h3 class=\"wp-block-heading has-s-font-size\" style=\"text-transform:uppercase\"><a href=\"https:\/\/www.billetweb.fr\/festival-art-sens-et-foi-2026\">L\u2019\u00e9ducation de Rita<\/a><\/h3>\n\n\n\n<div class=\"wp-block-columns is-layout-flex wp-container-core-columns-is-layout-28f84493 wp-block-columns-is-layout-flex\">\n<div class=\"wp-block-column is-layout-flow wp-block-column-is-layout-flow\">\n<div class=\"wp-block-group is-content-justification-space-between is-nowrap is-layout-flex wp-container-core-group-is-layout-cb46ffcb wp-block-group-is-layout-flex\">\n<div class=\"wp-block-group has-global-padding is-layout-constrained wp-block-group-is-layout-constrained\">\n<p><em>Th\u00e9\u00e2tre et r\u00e9cit<\/em><\/p>\n\n\n\n<p>Compagnie Angle limite<br>Texte de Willy Russell<\/p>\n<\/div>\n\n\n\n<figure class=\"wp-block-image size-full is-resized\"><a href=\"https:\/\/www.festivaloffavignon.com\/spectacles\/5980-l-education-de-rita\"><img loading=\"lazy\" decoding=\"async\" width=\"225\" height=\"225\" src=\"https:\/\/sens-foi.fr\/wp-content\/uploads\/2025\/12\/logo-avignon.png\" alt=\"\" class=\"wp-image-1834\" style=\"width:65px;height:auto\" srcset=\"https:\/\/sens-foi.fr\/wp-content\/uploads\/2025\/12\/logo-avignon.png 225w, https:\/\/sens-foi.fr\/wp-content\/uploads\/2025\/12\/logo-avignon-150x150.png 150w\" sizes=\"auto, (max-width: 225px) 100vw, 225px\" \/><\/a><\/figure>\n<\/div>\n\n\n\n<blockquote class=\"wp-block-quote is-layout-flow wp-block-quote-is-layout-flow\">\n<p>L\u2019une a soif. L\u2019autre s\u2019ennuie. L\u2019une est coiffeuse. L\u2019autre prof de litt\u00e9rature. Rien n\u2019aurait du les faire se rencontrer. La soif de l\u2019une pique la curiosit\u00e9 de l\u2019autre. Chacun va \u00eatre d\u00e9plac\u00e9. Les deux avancent dans leur recherche d\u2019une direction \u00e0 donner \u00e0 leur vie. La surprise se tisse au c\u0153ur du Nous.<br>En partenariat avec Marcq Terre d\u2019accueil<\/p>\n<\/blockquote>\n<\/div>\n\n\n\n<div class=\"wp-block-column is-layout-flow wp-block-column-is-layout-flow\">\n<figure class=\"wp-block-image aligncenter size-full\"><a href=\"https:\/\/www.billetweb.fr\/festival-art-sens-et-foi-2026\"><img loading=\"lazy\" decoding=\"async\" width=\"449\" height=\"535\" src=\"https:\/\/sens-foi.fr\/wp-content\/uploads\/2025\/12\/education-rita.png\" alt=\"\" class=\"wp-image-1843\" srcset=\"https:\/\/sens-foi.fr\/wp-content\/uploads\/2025\/12\/education-rita.png 449w, https:\/\/sens-foi.fr\/wp-content\/uploads\/2025\/12\/education-rita-252x300.png 252w\" sizes=\"auto, (max-width: 449px) 100vw, 449px\" \/><\/a><\/figure>\n<\/div>\n<\/div>\n\n\n\n<div class=\"wp-block-group is-nowrap is-layout-flex wp-container-core-group-is-layout-6c531013 wp-block-group-is-layout-flex\">\n<figure class=\"wp-block-image size-full is-resized\"><a href=\"https:\/\/www.google.com\/maps\/place\/Institut+M%C3%A9dico+Educatif+L'Eveil\/@50.616508,3.0186592,17z\/data=!3m1!4b1!4m6!3m5!1s0x47c2d53d8bf8a121:0x51c054ad5c0cad86!8m2!3d50.6165046!4d3.0212395!16s%2Fg%2F1td0s0mv\"><img loading=\"lazy\" decoding=\"async\" width=\"92\" height=\"92\" src=\"https:\/\/sens-foi.fr\/wp-content\/uploads\/2025\/12\/maps.png\" alt=\"\" class=\"wp-image-1944\" style=\"width:33px;height:auto\"\/><\/a><\/figure>\n\n\n\n<p>21 mars, soupe d\u00e8s 18h30, spectacle \u00e0 20h<br>IME l\u2019\u00e9veil, 8 rue du Mar\u00e9chal Foch 59120 Loos<\/p>\n<\/div>\n\n\n\n<p class=\"has-s-font-size\">Les r\u00e9servations ou les achats de billet sont possibles sur <a href=\"https:\/\/www.billetweb.fr\/festival-art-sens-et-foi-2026\">BilletWeb<\/a>.<br>Les places sont limit\u00e9es et les r\u00e9servation obligatoires pour les ateliers.<\/p>\n<\/div>\n<\/div>\n\n\n\n<div style=\"height:var(--wp--preset--spacing--content)\" aria-hidden=\"true\" class=\"wp-block-spacer\"><\/div>\n\n\n\n<div class=\"wp-block-group alignwide has-base-background-color has-background is-layout-flow wp-block-group-is-layout-flow\">\n<h2 class=\"wp-block-heading has-m-font-size\" style=\"text-transform:uppercase\">Dimanche 22 mars<\/h2>\n\n\n\n<div class=\"wp-block-group is-layout-flow wp-block-group-is-layout-flow\">\n<h3 class=\"wp-block-heading has-s-font-size\" style=\"text-transform:uppercase\"><a href=\"https:\/\/www.billetweb.fr\/festival-art-sens-et-foi-2026\">Balade slam\u00e9e au palais des beaux arts<\/a><\/h3>\n\n\n\n<div class=\"wp-block-columns is-layout-flex wp-container-core-columns-is-layout-28f84493 wp-block-columns-is-layout-flex\">\n<div class=\"wp-block-column is-layout-flow wp-block-column-is-layout-flow\">\n<p><em>Musique et performance<\/em><\/p>\n\n\n\n<p>Avec l\u2019association lilloise pArt\u2019ages.<\/p>\n\n\n\n<blockquote class=\"wp-block-quote is-layout-flow wp-block-quote-is-layout-flow\">\n<p>La lumi\u00e8re qui transperce les tableaux. Les couleurs qui inondent nos maux, qui s\u2019\u00e9coulent et d\u00e9boulent en mots. De vos l\u00e8vres qui s\u2019\u00e9parpillent et babillent.<\/p>\n<\/blockquote>\n<\/div>\n\n\n\n<div class=\"wp-block-column is-layout-flow wp-block-column-is-layout-flow\">\n<figure class=\"wp-block-image size-full\"><a href=\"https:\/\/www.billetweb.fr\/festival-art-sens-et-foi-2026\"><img loading=\"lazy\" decoding=\"async\" width=\"960\" height=\"640\" src=\"https:\/\/sens-foi.fr\/wp-content\/uploads\/2026\/01\/lustre-pesce.jpeg\" alt=\"\" class=\"wp-image-1983\" srcset=\"https:\/\/sens-foi.fr\/wp-content\/uploads\/2026\/01\/lustre-pesce.jpeg 960w, https:\/\/sens-foi.fr\/wp-content\/uploads\/2026\/01\/lustre-pesce-300x200.jpeg 300w, https:\/\/sens-foi.fr\/wp-content\/uploads\/2026\/01\/lustre-pesce-768x512.jpeg 768w\" sizes=\"auto, (max-width: 960px) 100vw, 960px\" \/><\/a><\/figure>\n<\/div>\n<\/div>\n\n\n\n<div class=\"wp-block-group is-nowrap is-layout-flex wp-container-core-group-is-layout-6c531013 wp-block-group-is-layout-flex\">\n<figure class=\"wp-block-image size-full is-resized\"><a href=\"https:\/\/www.google.com\/maps\/place\/Palais+des+Beaux-Arts+de+Lille\/@50.6304846,3.0602125,17z\/data=!3m1!4b1!4m6!3m5!1s0x47c2d58f89a8f5e9:0xcb97f7b75dea2449!8m2!3d50.6304812!4d3.0627928!16s%2Fm%2F043m6w7\"><img loading=\"lazy\" decoding=\"async\" width=\"92\" height=\"92\" src=\"https:\/\/sens-foi.fr\/wp-content\/uploads\/2025\/12\/maps.png\" alt=\"\" class=\"wp-image-1944\" style=\"width:33px;height:auto\"\/><\/a><\/figure>\n\n\n\n<p>22 mars de 10h15 \u00e0 12h30 &#8211; Inscription obligatoire.<br>Palais des beaux arts, Place de la R\u00e9publique 59000 Lille<\/p>\n<\/div>\n\n\n\n<p class=\"has-s-font-size\">Les r\u00e9servations ou les achats de billet sont possibles sur <a href=\"https:\/\/www.billetweb.fr\/festival-art-sens-et-foi-2026\">BilletWeb<\/a>.<br>Les places sont limit\u00e9es et les r\u00e9servation obligatoires pour les ateliers.<\/p>\n<\/div>\n\n\n\n<div class=\"wp-block-group has-primary-background-color has-background is-layout-flow wp-block-group-is-layout-flow\">\n<h3 class=\"wp-block-heading has-s-font-size\" style=\"text-transform:uppercase\"><a href=\"https:\/\/www.billetweb.fr\/festival-art-sens-et-foi-2026\">https:\/\/www.billetweb.fr\/festival-art-sens-et-foi-2026Choisis la vie<\/a><\/h3>\n\n\n\n<div class=\"wp-block-columns is-layout-flex wp-container-core-columns-is-layout-28f84493 wp-block-columns-is-layout-flex\">\n<div class=\"wp-block-column is-layout-flow wp-block-column-is-layout-flow\">\n<figure class=\"wp-block-image aligncenter size-full\"><img loading=\"lazy\" decoding=\"async\" width=\"449\" height=\"535\" src=\"https:\/\/sens-foi.fr\/wp-content\/uploads\/2025\/12\/choisis-la-vie.png\" alt=\"\" class=\"wp-image-1855\" srcset=\"https:\/\/sens-foi.fr\/wp-content\/uploads\/2025\/12\/choisis-la-vie.png 449w, https:\/\/sens-foi.fr\/wp-content\/uploads\/2025\/12\/choisis-la-vie-252x300.png 252w\" sizes=\"auto, (max-width: 449px) 100vw, 449px\" \/><\/figure>\n<\/div>\n\n\n\n<div class=\"wp-block-column is-layout-flow wp-block-column-is-layout-flow\">\n<div class=\"wp-block-group is-content-justification-space-between is-nowrap is-layout-flex wp-container-core-group-is-layout-cb46ffcb wp-block-group-is-layout-flex\">\n<div class=\"wp-block-group has-global-padding is-layout-constrained wp-block-group-is-layout-constrained\">\n<p><em><em>Th\u00e9\u00e2tre et r\u00e9cit<\/em><\/em><\/p>\n\n\n\n<p>Compagnie Vive la Vie.<br>Texte Christiane Singer.<\/p>\n<\/div>\n\n\n\n<figure class=\"wp-block-image size-full is-resized\"><a href=\"https:\/\/www.festivaloffavignon.com\/spectacles\/6175-choisis-la-vie-et-tu-vivras\"><img loading=\"lazy\" decoding=\"async\" width=\"225\" height=\"225\" src=\"https:\/\/sens-foi.fr\/wp-content\/uploads\/2025\/12\/logo-avignon.png\" alt=\"\" class=\"wp-image-1834\" style=\"width:65px;height:auto\" srcset=\"https:\/\/sens-foi.fr\/wp-content\/uploads\/2025\/12\/logo-avignon.png 225w, https:\/\/sens-foi.fr\/wp-content\/uploads\/2025\/12\/logo-avignon-150x150.png 150w\" sizes=\"auto, (max-width: 225px) 100vw, 225px\" \/><\/a><\/figure>\n<\/div>\n\n\n\n<blockquote class=\"wp-block-quote is-layout-flow wp-block-quote-is-layout-flow\">\n<p>Un livre, un spectacle, comme un collier de perles,<br>Des perles \u00e0 admirer, \u00e0 palper, \u00e0 \u00e9couter, \u00e0 m\u00e2chouiller\u2026<br>Des perles qui nous invitent \u00e0 grandir, repartir vers la lumi\u00e8re\u2026<br>En voici quelques-unes :<\/p>\n\n\n\n<p>\u201c Notre devoir le plus imp\u00e9rieux est peut-\u00eatre de ne jamais l\u00e2cher le fil de la Merveille, et de garder vivant ce que nous avons fr\u00f4ler de plus haut\u201d<\/p>\n\n\n\n<p>\u201cIl n\u2019y a rien qui coule \u00e0 travers moi qui puisse m\u2019appartenir\u201d<\/p>\n\n\n\n<p>\u201c Le choix n\u2019est pas entre vie et mort mais entre \u00eatre un mort vivant ou \u00eatre un vivant jusque dans la mort. Est-ce que tu es pr\u00eat \u00e0 faire \u0153uvre de vie, m\u00eame en \u00e9tat p\u00e9rissable ? Jusqu\u2019au bout de toutes tes cellules, faire \u0153uvre de vie\u2026Est-ce que tu es pr\u00eat \u00e0 ce d\u00e9fi l\u00e0 ?\u201d<\/p>\n\n\n\n<p>\u201c Dieu fait un r\u00eave d\u2019amour qui s\u2019appelle l\u2019Homme : \u201cJe t\u2019ai mis \u00e0 la jonction des mondes, de mani\u00e8re \u00e0 ce que ton visage inachev\u00e9, c\u2019est toi qui le fasses appara\u00eetre.\u201d \u201c<\/p>\n\n\n\n<p>\u201c Nous sommes reli\u00e9s \u00e0 tout ce qui est vivant. Chaque geste que nous posons sur cette terre, qu\u2019il soit dans la n\u00e9gativit\u00e9 ou dans la lumi\u00e8re, a des cons\u00e9quences. C\u2019est tout ! Apr\u00e8s \u2026chacun en fait ce qu\u2019il veut. Mais prendre conscience de cela\u2026\u201d<\/p>\n<\/blockquote>\n<\/div>\n<\/div>\n\n\n\n<div class=\"wp-block-group is-nowrap is-layout-flex wp-container-core-group-is-layout-6c531013 wp-block-group-is-layout-flex\">\n<figure class=\"wp-block-image size-full is-resized\"><a href=\"https:\/\/www.google.com\/maps\/place\/Centre+Spirituel+du+Hautmont\/@50.7052641,3.1265528,17z\/data=!3m1!4b1!4m6!3m5!1s0x47c32947323aaaab:0x4fb073c0ab9c968a!8m2!3d50.7052607!4d3.1291331!16s%2Fg%2F11fjtw0jpk\"><img loading=\"lazy\" decoding=\"async\" width=\"92\" height=\"92\" src=\"https:\/\/sens-foi.fr\/wp-content\/uploads\/2025\/12\/maps.png\" alt=\"\" class=\"wp-image-1944\" style=\"width:33px;height:auto\"\/><\/a><\/figure>\n\n\n\n<p>22 mars, caf\u00e9 d\u00e8s 15h15, spectacle \u00e0 16h<br>Centre spirituel du Hautmont, 31 rue Mirabeau 59420 Mouvaux<\/p>\n<\/div>\n\n\n\n<p class=\"has-s-font-size\">Les r\u00e9servations ou les achats de billet sont possibles sur <a href=\"https:\/\/www.billetweb.fr\/festival-art-sens-et-foi-2026\">BilletWeb<\/a>.<br>Les places sont limit\u00e9es et les r\u00e9servation obligatoires pour les ateliers.<\/p>\n<\/div>\n<\/div>\n","protected":false},"excerpt":{"rendered":"<p>Mercredi 4 mars Label utopie Th\u00e9\u00e2tre et r\u00e9cit Compagnie Th\u00e9\u00e2tre Du Pressoir XIX\u00e8me si\u00e8cle, \u00e0 100kms de Lille&nbsp;: au Familist\u00e8re de Guise, les po\u00eales Godin sortent de l&rsquo;usine et l&rsquo;utopie d&rsquo;un \u00ab\u00a0palais&hellip;<\/p>\n","protected":false},"author":1,"featured_media":0,"parent":0,"menu_order":0,"comment_status":"closed","ping_status":"closed","template":"","meta":{"footnotes":""},"class_list":["post-1680","page","type-page","status-publish","hentry"],"_links":{"self":[{"href":"https:\/\/sens-foi.fr\/index.php\/wp-json\/wp\/v2\/pages\/1680","targetHints":{"allow":["GET"]}}],"collection":[{"href":"https:\/\/sens-foi.fr\/index.php\/wp-json\/wp\/v2\/pages"}],"about":[{"href":"https:\/\/sens-foi.fr\/index.php\/wp-json\/wp\/v2\/types\/page"}],"author":[{"embeddable":true,"href":"https:\/\/sens-foi.fr\/index.php\/wp-json\/wp\/v2\/users\/1"}],"replies":[{"embeddable":true,"href":"https:\/\/sens-foi.fr\/index.php\/wp-json\/wp\/v2\/comments?post=1680"}],"version-history":[{"count":115,"href":"https:\/\/sens-foi.fr\/index.php\/wp-json\/wp\/v2\/pages\/1680\/revisions"}],"predecessor-version":[{"id":2029,"href":"https:\/\/sens-foi.fr\/index.php\/wp-json\/wp\/v2\/pages\/1680\/revisions\/2029"}],"wp:attachment":[{"href":"https:\/\/sens-foi.fr\/index.php\/wp-json\/wp\/v2\/media?parent=1680"}],"curies":[{"name":"wp","href":"https:\/\/api.w.org\/{rel}","templated":true}]}}